{"id":556,"date":"2021-06-04T08:59:23","date_gmt":"2021-06-04T06:59:23","guid":{"rendered":"http:\/\/repaircafemainz.org\/?page_id=556"},"modified":"2025-12-08T15:43:30","modified_gmt":"2025-12-08T14:43:30","slug":"medien","status":"publish","type":"page","link":"https:\/\/repaircafemainz.org\/?page_id=556","title":{"rendered":"Medien"},"content":{"rendered":"\n<h4 class=\"wp-block-heading alignfull has-primary-color has-subtle-background-background-color has-text-color has-background\">Berichterstattung<\/h4>\n\n\n\n<div class=\"wp-block-media-text alignfull is-stacked-on-mobile is-image-fill-element\" style=\"grid-template-columns:27% auto\"><figure class=\"wp-block-media-text__media\"><img fetchpriority=\"high\" decoding=\"async\" width=\"636\" height=\"635\" src=\"http:\/\/repaircafemainz.org\/wp-content\/uploads\/2025\/03\/250307_Reinhard-Serhii.png\" alt=\"\" class=\"wp-image-1063 size-full\" style=\"object-position:0% 26%\" srcset=\"https:\/\/repaircafemainz.org\/wp-content\/uploads\/2025\/03\/250307_Reinhard-Serhii.png 636w, https:\/\/repaircafemainz.org\/wp-content\/uploads\/2025\/03\/250307_Reinhard-Serhii-300x300.png 300w, https:\/\/repaircafemainz.org\/wp-content\/uploads\/2025\/03\/250307_Reinhard-Serhii-150x150.png 150w\" sizes=\"(max-width: 636px) 100vw, 636px\" \/><\/figure><div class=\"wp-block-media-text__content\">\n<p class=\"has-large-font-size\"><strong><strong><strong>18.02.2025 &#8211; <strong><strong><strong>Klimainz<\/strong><\/strong><\/strong>:<\/strong> <\/strong><\/strong>Gemeinsam reparieren und M\u00fcll vermeiden! &#x1f527;&#x267b;&#xfe0f;<\/p>\n\n\n\n<div class=\"wp-block-buttons is-layout-flex wp-block-buttons-is-layout-flex\">\n<div class=\"wp-block-button\"><a class=\"wp-block-button__link wp-element-button\" href=\"https:\/\/www.instagram.com\/reel\/DGNsVeeoIeG\/?utm_source=ig_web_copy_link&amp;igsh=MzRlODBiNWFlZA==\" target=\"_blank\" rel=\"noreferrer noopener\">Zum Beitrag<\/a><\/div>\n<\/div>\n\n\n\n<p><\/p>\n\n\n\n<p class=\"has-large-font-size\"><strong><strong><strong>13.12.2024 &#8211; Klimainz:<\/strong><\/strong><\/strong> Gemeinsam M\u00fcll reduzieren macht Spa\u00df! &#x1f6af;<\/p>\n\n\n\n<div class=\"wp-block-buttons is-layout-flex wp-block-buttons-is-layout-flex\">\n<div class=\"wp-block-button\"><a class=\"wp-block-button__link wp-element-button\" href=\"https:\/\/www.instagram.com\/p\/DDhbnsQh6Ie\/?utm_source=ig_web_copy_link&amp;igsh=MzRlODBiNWFlZA==\" target=\"_blank\" rel=\"noreferrer noopener\">Zum Beitrag<\/a><\/div>\n<\/div>\n\n\n\n<p class=\"has-large-font-size\"><\/p>\n\n\n\n<div class=\"wp-block-buttons is-layout-flex wp-block-buttons-is-layout-flex\"><\/div>\n<\/div><\/div>\n\n\n\n<div class=\"wp-block-media-text alignfull is-stacked-on-mobile is-image-fill-element\" style=\"grid-template-columns:27% auto\"><figure class=\"wp-block-media-text__media\"><img decoding=\"async\" width=\"1024\" height=\"533\" src=\"http:\/\/repaircafemainz.org\/wp-content\/uploads\/2024\/03\/Partner-sensor-magazin-beitrag-1024x533.jpg\" alt=\"\" class=\"wp-image-957 size-full\" style=\"object-position:50% 50%\" srcset=\"https:\/\/repaircafemainz.org\/wp-content\/uploads\/2024\/03\/Partner-sensor-magazin-beitrag-1024x533.jpg 1024w, https:\/\/repaircafemainz.org\/wp-content\/uploads\/2024\/03\/Partner-sensor-magazin-beitrag-300x156.jpg 300w, https:\/\/repaircafemainz.org\/wp-content\/uploads\/2024\/03\/Partner-sensor-magazin-beitrag-768x400.jpg 768w, https:\/\/repaircafemainz.org\/wp-content\/uploads\/2024\/03\/Partner-sensor-magazin-beitrag-1536x800.jpg 1536w, https:\/\/repaircafemainz.org\/wp-content\/uploads\/2024\/03\/Partner-sensor-magazin-beitrag-1200x625.jpg 1200w, https:\/\/repaircafemainz.org\/wp-content\/uploads\/2024\/03\/Partner-sensor-magazin-beitrag.jpg 1920w\" sizes=\"(max-width: 1024px) 100vw, 1024px\" \/><\/figure><div class=\"wp-block-media-text__content\">\n<p class=\"has-large-font-size\"><strong><strong><strong>01.03.2024 &#8211; Sensor Mainz &#8211; Ausgabe M\u00e4rz 24:<\/strong> <\/strong><\/strong>Der M\u00fcll und die Stadt<em> (Seiten 6-9)<\/em><\/p>\n\n\n\n<div class=\"wp-block-buttons is-layout-flex wp-block-buttons-is-layout-flex\">\n<div class=\"wp-block-button\"><a class=\"wp-block-button__link wp-element-button\" href=\"https:\/\/sensor-magazin.de\/app\/uploads\/2024\/03\/sensor_Maerz24.pdf\" target=\"_blank\" rel=\"noreferrer noopener\">Zum Beitrag<\/a><\/div>\n<\/div>\n\n\n\n<p class=\"has-large-font-size\"><\/p>\n\n\n\n<div class=\"wp-block-buttons is-layout-flex wp-block-buttons-is-layout-flex\"><\/div>\n<\/div><\/div>\n\n\n\n<div class=\"wp-block-media-text alignfull is-stacked-on-mobile is-image-fill-element\" style=\"grid-template-columns:27% auto\"><figure class=\"wp-block-media-text__media\"><img decoding=\"async\" width=\"1024\" height=\"621\" src=\"http:\/\/repaircafemainz.org\/wp-content\/uploads\/2024\/01\/240126_Thumbnail-Antenne-Mainz-1024x621.jpg\" alt=\"\" class=\"wp-image-941 size-full\" style=\"object-position:50% 50%\" srcset=\"https:\/\/repaircafemainz.org\/wp-content\/uploads\/2024\/01\/240126_Thumbnail-Antenne-Mainz-1024x621.jpg 1024w, https:\/\/repaircafemainz.org\/wp-content\/uploads\/2024\/01\/240126_Thumbnail-Antenne-Mainz-300x182.jpg 300w, https:\/\/repaircafemainz.org\/wp-content\/uploads\/2024\/01\/240126_Thumbnail-Antenne-Mainz-768x466.jpg 768w, https:\/\/repaircafemainz.org\/wp-content\/uploads\/2024\/01\/240126_Thumbnail-Antenne-Mainz-1536x932.jpg 1536w, https:\/\/repaircafemainz.org\/wp-content\/uploads\/2024\/01\/240126_Thumbnail-Antenne-Mainz-2048x1243.jpg 2048w, https:\/\/repaircafemainz.org\/wp-content\/uploads\/2024\/01\/240126_Thumbnail-Antenne-Mainz-1200x728.jpg 1200w, https:\/\/repaircafemainz.org\/wp-content\/uploads\/2024\/01\/240126_Thumbnail-Antenne-Mainz-1980x1202.jpg 1980w\" sizes=\"(max-width: 1024px) 100vw, 1024px\" \/><\/figure><div class=\"wp-block-media-text__content\">\n<p class=\"has-large-font-size\"><\/p>\n\n\n\n<div class=\"wp-block-buttons is-layout-flex wp-block-buttons-is-layout-flex\"><\/div>\n\n\n\n<p class=\"has-large-font-size\"><strong><strong><strong>22.12.2023 &#8211; Antenne Mainz:<\/strong> <\/strong><\/strong>Interview mit zwei Mitgliedern \u00fcber unsere Arbeit<em> (nur Audio)<\/em><\/p>\n\n\n\n<div class=\"wp-block-buttons is-layout-flex wp-block-buttons-is-layout-flex\">\n<div class=\"wp-block-button\"><a class=\"wp-block-button__link wp-element-button\" href=\"http:\/\/repaircafemainz.org\/wp-content\/uploads\/2024\/01\/231223_Repair-Cafe-Mainz_Mitschnitt_MoShow.mp3\" target=\"_blank\" rel=\"noreferrer noopener\">Zum Beitrag<\/a><\/div>\n<\/div>\n<\/div><\/div>\n\n\n\n<div class=\"wp-block-media-text alignfull is-stacked-on-mobile is-image-fill-element\" style=\"grid-template-columns:27% auto\"><figure class=\"wp-block-media-text__media\"><img loading=\"lazy\" decoding=\"async\" width=\"960\" height=\"488\" src=\"http:\/\/repaircafemainz.org\/wp-content\/uploads\/2024\/01\/240126_Beitrag-Campus-TV_Standbild-Patric.png\" alt=\"\" class=\"wp-image-937 size-full\" style=\"object-position:98% 47%\" srcset=\"https:\/\/repaircafemainz.org\/wp-content\/uploads\/2024\/01\/240126_Beitrag-Campus-TV_Standbild-Patric.png 960w, https:\/\/repaircafemainz.org\/wp-content\/uploads\/2024\/01\/240126_Beitrag-Campus-TV_Standbild-Patric-300x153.png 300w, https:\/\/repaircafemainz.org\/wp-content\/uploads\/2024\/01\/240126_Beitrag-Campus-TV_Standbild-Patric-768x390.png 768w\" sizes=\"(max-width: 960px) 100vw, 960px\" \/><\/figure><div class=\"wp-block-media-text__content\">\n<p class=\"has-large-font-size\"><strong><strong><strong>04.08.2023 &#8211; CampusTV der Uni Mainz:<\/strong> <\/strong><\/strong>CampusTV Spezial \u00fcber das Repair Caf\u00e9 Mainz<\/p>\n\n\n\n<div class=\"wp-block-buttons is-layout-flex wp-block-buttons-is-layout-flex\">\n<div class=\"wp-block-button\"><a class=\"wp-block-button__link wp-element-button\" href=\"https:\/\/youtu.be\/ehdWne7YoDc?t=1993\" target=\"_blank\" rel=\"noreferrer noopener\">Zum Beitrag<\/a><\/div>\n<\/div>\n<\/div><\/div>\n\n\n\n<div class=\"wp-block-media-text alignfull is-stacked-on-mobile is-image-fill-element\" style=\"grid-template-columns:27% auto\"><figure class=\"wp-block-media-text__media\"><img loading=\"lazy\" decoding=\"async\" width=\"768\" height=\"410\" src=\"http:\/\/repaircafemainz.org\/wp-content\/uploads\/2023\/04\/2304_wirtschaft_repair-cafe-768x410-1.jpg\" alt=\"\" class=\"wp-image-819 size-full\" style=\"object-position:49% 0%\" srcset=\"https:\/\/repaircafemainz.org\/wp-content\/uploads\/2023\/04\/2304_wirtschaft_repair-cafe-768x410-1.jpg 768w, https:\/\/repaircafemainz.org\/wp-content\/uploads\/2023\/04\/2304_wirtschaft_repair-cafe-768x410-1-300x160.jpg 300w\" sizes=\"(max-width: 768px) 100vw, 768px\" \/><\/figure><div class=\"wp-block-media-text__content\">\n<p class=\"has-large-font-size\"><strong><strong><strong>29.03.2023 &#8211; Der Mainzer:<\/strong> <\/strong><\/strong>Repair Caf\u00e9 Mainz: Reparieren und Ressourcen Sparen <\/p>\n\n\n\n<div class=\"wp-block-buttons is-layout-flex wp-block-buttons-is-layout-flex\">\n<div class=\"wp-block-button\"><a class=\"wp-block-button__link wp-element-button\" href=\"https:\/\/www.dermainzer.net\/2023\/03\/repair-cafe-mainz-reparieren-und-ressourcen-sparen\/\" target=\"_blank\" rel=\"noreferrer noopener\">Zum Beitrag<\/a><\/div>\n<\/div>\n<\/div><\/div>\n\n\n\n<div class=\"wp-block-media-text alignfull is-stacked-on-mobile\" style=\"grid-template-columns:27% auto\"><figure class=\"wp-block-media-text__media\"><img loading=\"lazy\" decoding=\"async\" width=\"1024\" height=\"683\" src=\"https:\/\/repaircafemainz.org\/wp-content\/uploads\/2025\/12\/matteo-vella-fToJybgJ0NQ-unsplash-1024x683.jpg\" alt=\"\" class=\"wp-image-1355 size-full\" srcset=\"https:\/\/repaircafemainz.org\/wp-content\/uploads\/2025\/12\/matteo-vella-fToJybgJ0NQ-unsplash-1024x683.jpg 1024w, https:\/\/repaircafemainz.org\/wp-content\/uploads\/2025\/12\/matteo-vella-fToJybgJ0NQ-unsplash-300x200.jpg 300w, https:\/\/repaircafemainz.org\/wp-content\/uploads\/2025\/12\/matteo-vella-fToJybgJ0NQ-unsplash-768x512.jpg 768w, https:\/\/repaircafemainz.org\/wp-content\/uploads\/2025\/12\/matteo-vella-fToJybgJ0NQ-unsplash-1536x1024.jpg 1536w, https:\/\/repaircafemainz.org\/wp-content\/uploads\/2025\/12\/matteo-vella-fToJybgJ0NQ-unsplash-2048x1365.jpg 2048w, https:\/\/repaircafemainz.org\/wp-content\/uploads\/2025\/12\/matteo-vella-fToJybgJ0NQ-unsplash-1200x800.jpg 1200w, https:\/\/repaircafemainz.org\/wp-content\/uploads\/2025\/12\/matteo-vella-fToJybgJ0NQ-unsplash-1980x1320.jpg 1980w\" sizes=\"(max-width: 1024px) 100vw, 1024px\" \/><\/figure><div class=\"wp-block-media-text__content\">\n<p class=\"has-large-font-size\"><strong>27.12.2022 &#8211; mehrere Publikationen, unter anderem:<\/strong><\/p>\n\n\n\n<p class=\"has-normal-font-size\"><strong>inRLP.de:<\/strong> Mainz: Repair Caf\u00e9 bekommt mehr Zulauf &#8211; So funktioniert das Angebot<\/p>\n\n\n\n<div class=\"wp-block-buttons is-layout-flex wp-block-buttons-is-layout-flex\">\n<div class=\"wp-block-button\"><a class=\"wp-block-button__link has-small-font-size has-custom-font-size wp-element-button\" href=\"https:\/\/www.inrlp.de\/rlp\/mainz\/mainz-repair-cafe-bekommt-mehr-zulauf-reparieren-statt-wegschmeissen-so-funktioniert-das-angebot-art-5610959\" target=\"_blank\" rel=\"noreferrer noopener\">Zum Beitrag<\/a><\/div>\n<\/div>\n\n\n\n<p class=\"has-normal-font-size\"><strong>Hamburger Abendblatt:<\/strong> Reparieren statt kaufen &#8211; Repair Caf\u00e9s zunehmend gefragt<\/p>\n\n\n\n<div class=\"wp-block-buttons is-layout-flex wp-block-buttons-is-layout-flex\">\n<div class=\"wp-block-button\"><a class=\"wp-block-button__link wp-element-button\" href=\"https:\/\/www.abendblatt.de\/wirtschaft\/finanzen\/article237233975\/Repair-Cafes-zunehmend-gefragt.html\" target=\"_blank\" rel=\"noreferrer noopener\">Zum Beitrag<\/a><\/div>\n<\/div>\n\n\n\n<p class=\"has-normal-font-size\"><strong>Mindener Tageblatt:<\/strong> Reparieren statt kaufen &#8211; Repair Caf\u00e9s zunehmend gefragt<\/p>\n\n\n\n<div class=\"wp-block-buttons is-layout-flex wp-block-buttons-is-layout-flex\">\n<div class=\"wp-block-button\"><a class=\"wp-block-button__link wp-element-button\" href=\"https:\/\/www.mt.de\/ratgeber\/geld-und-recht\/Repair-Cafes-zunehmend-gefragt-23443827.html\" target=\"_blank\" rel=\"noreferrer noopener\">Zum Beitrag<\/a><\/div>\n<\/div>\n<\/div><\/div>\n\n\n\n<div class=\"wp-block-media-text alignfull is-stacked-on-mobile is-image-fill-element\" style=\"grid-template-columns:27% auto\"><figure class=\"wp-block-media-text__media\"><img loading=\"lazy\" decoding=\"async\" width=\"1024\" height=\"576\" src=\"http:\/\/repaircafemainz.org\/wp-content\/uploads\/2023\/04\/05-Apitzsch-Gisela-scaled-1-1024x576.jpg\" alt=\"\" class=\"wp-image-821 size-full\" style=\"object-position:53% 0%\" srcset=\"https:\/\/repaircafemainz.org\/wp-content\/uploads\/2023\/04\/05-Apitzsch-Gisela-scaled-1-1024x576.jpg 1024w, https:\/\/repaircafemainz.org\/wp-content\/uploads\/2023\/04\/05-Apitzsch-Gisela-scaled-1-300x169.jpg 300w, https:\/\/repaircafemainz.org\/wp-content\/uploads\/2023\/04\/05-Apitzsch-Gisela-scaled-1-768x432.jpg 768w, https:\/\/repaircafemainz.org\/wp-content\/uploads\/2023\/04\/05-Apitzsch-Gisela-scaled-1-1536x864.jpg 1536w, https:\/\/repaircafemainz.org\/wp-content\/uploads\/2023\/04\/05-Apitzsch-Gisela-scaled-1-2048x1152.jpg 2048w, https:\/\/repaircafemainz.org\/wp-content\/uploads\/2023\/04\/05-Apitzsch-Gisela-scaled-1-1200x675.jpg 1200w, https:\/\/repaircafemainz.org\/wp-content\/uploads\/2023\/04\/05-Apitzsch-Gisela-scaled-1-1980x1114.jpg 1980w\" sizes=\"(max-width: 1024px) 100vw, 1024px\" \/><\/figure><div class=\"wp-block-media-text__content\">\n<p class=\"has-large-font-size\"><strong><strong>09.06.2021 &#8211; SWR Ehrensache\/Journal-Lokal:<\/strong> <\/strong>&#8222;Reparieren statt Wegwerfen&#8220; im Repair Caf\u00e9 <\/p>\n\n\n\n<div class=\"wp-block-buttons is-layout-flex wp-block-buttons-is-layout-flex\">\n<div class=\"wp-block-button\"><a class=\"wp-block-button__link wp-element-button\" href=\"https:\/\/journal-lokal.de\/rheinhessen-mainz\/2021\/08\/93706\/\" target=\"_blank\" rel=\"noreferrer noopener\">Zum Beitrag<\/a><\/div>\n<\/div>\n<\/div><\/div>\n\n\n\n<div class=\"wp-block-media-text alignfull is-stacked-on-mobile\" style=\"grid-template-columns:27% auto\"><figure class=\"wp-block-media-text__media\"><img loading=\"lazy\" decoding=\"async\" width=\"540\" height=\"250\" src=\"http:\/\/repaircafemainz.org\/wp-content\/uploads\/2023\/04\/csm_Abluftanlage_1_159326366d.jpg\" alt=\"\" class=\"wp-image-823 size-full\" srcset=\"https:\/\/repaircafemainz.org\/wp-content\/uploads\/2023\/04\/csm_Abluftanlage_1_159326366d.jpg 540w, https:\/\/repaircafemainz.org\/wp-content\/uploads\/2023\/04\/csm_Abluftanlage_1_159326366d-300x139.jpg 300w\" sizes=\"(max-width: 540px) 100vw, 540px\" \/><\/figure><div class=\"wp-block-media-text__content\">\n<p class=\"has-large-font-size\"><strong>26.01.2021 &#8211; Evangelisches Dekanat Mainz:<\/strong> Repair Caf\u00e9 Mainz sorgt f\u00fcr frische Luft an der Windm\u00fchlenschule<\/p>\n\n\n\n<div class=\"wp-block-buttons is-layout-flex wp-block-buttons-is-layout-flex\">\n<div class=\"wp-block-button\"><a class=\"wp-block-button__link wp-element-button\" href=\"https:\/\/www.mainz-evangelisch.de\/startseite\/einzelansicht-news-startseite\/news\/repaircafe-sorgt-fuer-frische-luft-an-der-windmuehlenschule.html\" target=\"_blank\" rel=\"noreferrer noopener\">Zum Beitrag<\/a><\/div>\n<\/div>\n<\/div><\/div>\n\n\n\n<div class=\"wp-block-media-text alignfull is-stacked-on-mobile is-image-fill-element\" style=\"grid-template-columns:27% auto\"><figure class=\"wp-block-media-text__media\"><img loading=\"lazy\" decoding=\"async\" width=\"1024\" height=\"576\" src=\"http:\/\/repaircafemainz.org\/wp-content\/uploads\/2023\/04\/i-301-1024x576.jpg\" alt=\"\" class=\"wp-image-824 size-full\" style=\"object-position:48% 0%\" srcset=\"https:\/\/repaircafemainz.org\/wp-content\/uploads\/2023\/04\/i-301-1024x576.jpg 1024w, https:\/\/repaircafemainz.org\/wp-content\/uploads\/2023\/04\/i-301-300x169.jpg 300w, https:\/\/repaircafemainz.org\/wp-content\/uploads\/2023\/04\/i-301-768x432.jpg 768w, https:\/\/repaircafemainz.org\/wp-content\/uploads\/2023\/04\/i-301.jpg 1060w\" sizes=\"(max-width: 1024px) 100vw, 1024px\" \/><\/figure><div class=\"wp-block-media-text__content\">\n<p class=\"has-large-font-size\"><strong>28.05.2020 &#8211; Chrismon:<\/strong> Im Repair Caf\u00e9 Mainz kann man Fahrr\u00e4der, M\u00f6bel und Ger\u00e4te reparieren. Ein Werkstattgespr\u00e4ch.<\/p>\n\n\n\n<div class=\"wp-block-buttons is-layout-flex wp-block-buttons-is-layout-flex\">\n<div class=\"wp-block-button\"><a class=\"wp-block-button__link wp-element-button\" href=\"https:\/\/chrismon.evangelisch.de\/artikel\/2020\/49966\/die-bessermacher-folge-5-das-repaircafe\" target=\"_blank\" rel=\"noreferrer noopener\">Zum Beitrag<\/a><\/div>\n<\/div>\n<\/div><\/div>\n\n\n\n<div class=\"wp-block-media-text alignfull is-stacked-on-mobile is-image-fill-element\" style=\"grid-template-columns:27% auto\"><figure class=\"wp-block-media-text__media\"><img loading=\"lazy\" decoding=\"async\" width=\"768\" height=\"768\" src=\"http:\/\/repaircafemainz.org\/wp-content\/uploads\/2023\/04\/Thumbnail-Fabian-Garbe.jpg\" alt=\"\" class=\"wp-image-825 size-full\" style=\"object-position:45% 0%\" srcset=\"https:\/\/repaircafemainz.org\/wp-content\/uploads\/2023\/04\/Thumbnail-Fabian-Garbe.jpg 768w, https:\/\/repaircafemainz.org\/wp-content\/uploads\/2023\/04\/Thumbnail-Fabian-Garbe-300x300.jpg 300w, https:\/\/repaircafemainz.org\/wp-content\/uploads\/2023\/04\/Thumbnail-Fabian-Garbe-150x150.jpg 150w\" sizes=\"(max-width: 768px) 100vw, 768px\" \/><\/figure><div class=\"wp-block-media-text__content\">\n<p class=\"has-large-font-size\"><strong>15.02.2020 &#8211; SWR Heimat:<\/strong> Gegen das Wegwerfen \u2013 Fabian unterst\u00fctzt ehrenamtlich das Repair Caf\u00e9 in Mainz<\/p>\n\n\n\n<div class=\"wp-block-buttons is-layout-flex wp-block-buttons-is-layout-flex\">\n<div class=\"wp-block-button\"><a class=\"wp-block-button__link wp-element-button\" href=\"https:\/\/www.swr.de\/heimat\/rheinhessen\/av-o1199987-100.html\" target=\"_blank\" rel=\"noreferrer noopener\">Zum Beitrag<\/a><\/div>\n<\/div>\n<\/div><\/div>\n\n\n\n<div class=\"wp-block-media-text alignfull is-stacked-on-mobile is-image-fill-element\" style=\"grid-template-columns:27% auto\"><figure class=\"wp-block-media-text__media\"><img loading=\"lazy\" decoding=\"async\" width=\"1024\" height=\"576\" src=\"http:\/\/repaircafemainz.org\/wp-content\/uploads\/2023\/04\/5-Jahre-Jubilaeum-1024x576.jpg\" alt=\"\" class=\"wp-image-826 size-full\" style=\"object-position:45% 100%\" srcset=\"https:\/\/repaircafemainz.org\/wp-content\/uploads\/2023\/04\/5-Jahre-Jubilaeum-1024x576.jpg 1024w, https:\/\/repaircafemainz.org\/wp-content\/uploads\/2023\/04\/5-Jahre-Jubilaeum-300x169.jpg 300w, https:\/\/repaircafemainz.org\/wp-content\/uploads\/2023\/04\/5-Jahre-Jubilaeum-768x432.jpg 768w, https:\/\/repaircafemainz.org\/wp-content\/uploads\/2023\/04\/5-Jahre-Jubilaeum-1200x675.jpg 1200w, https:\/\/repaircafemainz.org\/wp-content\/uploads\/2023\/04\/5-Jahre-Jubilaeum.jpg 1280w\" sizes=\"(max-width: 1024px) 100vw, 1024px\" \/><\/figure><div class=\"wp-block-media-text__content\">\n<p class=\"has-large-font-size\"><strong>24.08.2018 &#8211; Quer-TV:<\/strong> 5 Jahre Repair Caf\u00e9 Mainz<\/p>\n\n\n\n<div class=\"wp-block-buttons is-layout-flex wp-block-buttons-is-layout-flex\">\n<div class=\"wp-block-button\"><a class=\"wp-block-button__link wp-element-button\" href=\"https:\/\/www.youtube.com\/watch?v=-Pfj2lnMr2k\" target=\"_blank\" rel=\"noreferrer noopener\">Zum Beitrag<\/a><\/div>\n<\/div>\n<\/div><\/div>\n\n\n\n<div class=\"wp-block-media-text alignfull is-stacked-on-mobile\" style=\"grid-template-columns:27% auto\"><figure class=\"wp-block-media-text__media\"><img decoding=\"async\" src=\"http:\/\/repaircafemainz.org\/wp-content\/uploads\/2021\/06\/IkeaLogo-e1623257922950-1024x484.png\" alt=\"\" class=\"wp-image-596 size-full\"\/><\/figure><div class=\"wp-block-media-text__content\">\n<div class=\"wp-block-buttons is-layout-flex wp-block-buttons-is-layout-flex\"><\/div>\n<\/div><\/div>\n","protected":false},"excerpt":{"rendered":"<p>Berichterstattung<\/p>\n","protected":false},"author":5,"featured_media":0,"parent":0,"menu_order":0,"comment_status":"closed","ping_status":"closed","template":"","meta":{"footnotes":""},"class_list":["post-556","page","type-page","status-publish","hentry"],"_links":{"self":[{"href":"https:\/\/repaircafemainz.org\/index.php?rest_route=\/wp\/v2\/pages\/556","targetHints":{"allow":["GET"]}}],"collection":[{"href":"https:\/\/repaircafemainz.org\/index.php?rest_route=\/wp\/v2\/pages"}],"about":[{"href":"https:\/\/repaircafemainz.org\/index.php?rest_route=\/wp\/v2\/types\/page"}],"author":[{"embeddable":true,"href":"https:\/\/repaircafemainz.org\/index.php?rest_route=\/wp\/v2\/users\/5"}],"replies":[{"embeddable":true,"href":"https:\/\/repaircafemainz.org\/index.php?rest_route=%2Fwp%2Fv2%2Fcomments&post=556"}],"version-history":[{"count":13,"href":"https:\/\/repaircafemainz.org\/index.php?rest_route=\/wp\/v2\/pages\/556\/revisions"}],"predecessor-version":[{"id":1357,"href":"https:\/\/repaircafemainz.org\/index.php?rest_route=\/wp\/v2\/pages\/556\/revisions\/1357"}],"wp:attachment":[{"href":"https:\/\/repaircafemainz.org\/index.php?rest_route=%2Fwp%2Fv2%2Fmedia&parent=556"}],"curies":[{"name":"wp","href":"https:\/\/api.w.org\/{rel}","templated":true}]}}