{"id":42,"date":"2020-07-05T11:37:11","date_gmt":"2020-07-05T11:37:11","guid":{"rendered":"http:\/\/repaircafe.3d-assist.com\/?page_id=42"},"modified":"2025-01-21T15:22:50","modified_gmt":"2025-01-21T14:22:50","slug":"das-repair-cafe-mainz","status":"publish","type":"page","link":"https:\/\/repaircafemainz.org\/?page_id=42","title":{"rendered":"Die Initiative"},"content":{"rendered":"\n<h4 class=\"wp-block-heading alignfull has-primary-color has-subtle-background-background-color has-text-color has-background\">\u00dcber uns<\/h4>\n\n\n\n<p class=\"has-large-font-size\">Das Repair Caf\u00e9 Mainz ist eine Initiative, die sich f\u00fcr mehr Nachhaltigkeit, Ressourcenschonung, ein besseres soziales Miteinander und nicht zuletzt auch ein Voneinander-Lernen stark macht! Konkret passiert dies dadurch, dass wir auf ehrenamtlicher Basis Gegenst\u00e4nde aller Art reparieren, um sie vor dem M\u00fcll zu bewahren und so auch einen Neukauf zu vermeiden. Und das Beste daran ist: Jede und jeder kann mitmachen!<\/p>\n\n\n\n<p class=\"has-large-font-size\">Wir bestehen seit 2013 und sind damit das \u00e4lteste Repair Caf\u00e9 in Rheinland-Pfalz. Soweit wir wissen, sind wir heute auch eine der gr\u00f6\u00dften Initiativen dieser Art in unserem sch\u00f6nen Bundesland. <\/p>\n\n\n\n<p class=\"has-large-font-size\">Grunds\u00e4tzlich basiert unsere Arbeit auf drei S\u00e4ulen:<\/p>\n\n\n\n<div class=\"wp-block-columns is-layout-flex wp-container-core-columns-is-layout-9d6595d7 wp-block-columns-is-layout-flex\">\n<div class=\"wp-block-column is-layout-flow wp-block-column-is-layout-flow\">\n<p class=\"has-text-align-center has-large-font-size\">Wir m\u00f6chten&nbsp;einen <strong>Beitrag zum<\/strong> <strong>Umweltschutz <\/strong>leisten und das Bewusstsein in der Gesellschaft f\u00fcr einen achtsamen Umgang mit Ressourcen sch\u00e4rfen<\/p>\n<\/div>\n\n\n\n<div class=\"wp-block-column is-layout-flow wp-block-column-is-layout-flow\">\n<p class=\"has-text-align-center has-large-font-size\">Wir <strong>teilen gerne unser Wissen<\/strong>, versuchen L\u00f6sungen aufzuzeigen und bringen unsere geb\u00fcndelten F\u00e4higkeiten ein.&nbsp;<\/p>\n<\/div>\n\n\n\n<div class=\"wp-block-column is-layout-flow wp-block-column-is-layout-flow\">\n<p class=\"has-text-align-center has-large-font-size\">Das Repair Caf\u00e9 Mainz ist ein Ort der Begegnung. Mit unserem Engagement m\u00f6chten wir das <strong>soziale Miteinander<\/strong> in unserer Stadt f\u00f6rdern. &nbsp;<\/p>\n<\/div>\n<\/div>\n\n\n\n<p class=\"has-large-font-size\"><strong>Unser Verein<\/strong><\/p>\n\n\n\n<p class=\"has-large-font-size\">Seit 2021 sind wir als gemeinn\u00fctziger Verein organisiert. Der Vereinsvorstand setzt sich zusammen aus Fabian Garbe (1. Vorsitzender), Gisela Apitzsch (2. Vorsitzende), Carsten Kroll (Schatzmeister), Norbert Vogler (Schriftf\u00fchrer) und Reinhard Wenselowski (Beisitzer). <a href=\"http:\/\/repaircafemainz.org\/wp-content\/uploads\/2024\/07\/230510_Satzung_Repair-Cafe-Mainz.pdf\" data-type=\"attachment\" data-id=\"988\">Hier<\/a> findet sich unsere Vereinssatzung.<\/p>\n\n\n\n<p class=\"has-large-font-size\"><strong>Kooperationen<\/strong><\/p>\n\n\n\n<p class=\"has-large-font-size\">Lokal bei uns in Mainz kooperieren wir aktuell mit dem <a href=\"https:\/\/zmo-mainz.de\/\">ZMO Mainz<\/a>, in deren R\u00e4umlichkeiten wir einmal im Quartal einen gesonderten Reparaturtermin anbieten. Auf Landesebene sind wir im <em>Runden Tisch Reparatur<\/em> vertreten, der gemeinsam vom Ministerium f\u00fcr Klimaschutz, Umwelt, Energie und Mobilit\u00e4t (MKUEM) sowie dem Ministerium f\u00fcr Familie, Frauen, Kultur und Integration (MFFKI) ausgerichtet wird. Auf Bundesebene arbeiten wir mit der <a href=\"https:\/\/anstiftung.de\/\">anstiftung<\/a> als Dachverband f\u00fcr &#8222;R\u00e4ume und Netzwerke des Selbermachens&#8220; zusammen.<\/p>\n\n\n\n<p class=\"has-large-font-size\"><strong>Zusammenarbeit mit anderen Repair Caf\u00e9s<\/strong><\/p>\n\n\n\n<p class=\"has-large-font-size\">Wir beim Repair Caf\u00e9 Mainz sind leidenschaftliche Verfechter der Idee der Repair Caf\u00e9s und freuen uns \u00fcber jede Initiative, die diese Idee weitertr\u00e4gt. Wir sind sehr gerne bereit, unsere Erfahrungen zu teilen und damit insbesondere bei der Gr\u00fcndung neuer Repair Caf\u00e9s zu unterst\u00fctzen. Denn je mehr Orte es gibt, an denen repariert wird, desto besser f\u00fcr unsere Umwelt und unsere Gemeinschaft.<\/p>\n\n\n\n<p class=\"has-large-font-size\">Gleichzeitig haben wir aus Erfahrung gelernt, dass eine Zersplitterung von Reparaturinitiativen innerhalb eines Ortes kontraproduktiv sein kann. In einer unserer Nachbarst\u00e4dte haben wir beobachtet, dass zu viele kleine Initiativen weder der Hauptaufgabe \u2013 dem Reparieren \u2013 dienlich sind, noch den Teamgeist f\u00f6rdern. Konkurrenzsituationen f\u00fchren oft zu Frustration und \u00c4rger unter den Mitgliedern und erschweren es gleichzeitig den Besuchern, eine verl\u00e4ssliche Anlaufstelle f\u00fcr ihre Reparaturen zu finden.<\/p>\n\n\n\n<p class=\"has-large-font-size\">Mit anderen Worten: Wer sich in Mainz f\u00fcr das Thema Reparieren interessiert, ist herzlich eingeladen bei uns mitzumachen (und alle anderen auch!). Nur so k\u00f6nnen wir gemeinsam eine nachhaltige und positive Wirkung erzielen.<\/p>\n\n\n\n<h4 class=\"wp-block-heading alignfull has-primary-color has-subtle-background-background-color has-text-color has-background\">Zahlen und Fakten<\/h4>\n\n\n\n<div class=\"wp-block-columns alignfull is-layout-flex wp-container-core-columns-is-layout-9d6595d7 wp-block-columns-is-layout-flex\">\n<div class=\"wp-block-column is-layout-flow wp-block-column-is-layout-flow\">\n<p class=\"has-drop-cap has-large-font-size\">IIn Deutschland fallen j\u00e4hrlich rund <strong><span class=\"has-inline-color has-accent-color\">1,8 Mio<\/span><\/strong> Tonnen Elektroschott an, wobei die H\u00e4lfte illegal entsorgt oder exportiert wird.<\/p>\n<\/div>\n\n\n\n<div class=\"wp-block-column is-layout-flow wp-block-column-is-layout-flow\">\n<p class=\"has-drop-cap has-large-font-size\">IDurch Reparaturen kann die Lebensdauer von Ger\u00e4ten <strong><span class=\"has-inline-color has-accent-color\">verdoppelt<\/span><\/strong> werden.<\/p>\n<\/div>\n<\/div>\n\n\n\n<div class=\"wp-block-columns alignfull is-layout-flex wp-container-core-columns-is-layout-9d6595d7 wp-block-columns-is-layout-flex\">\n<div class=\"wp-block-column is-layout-flow wp-block-column-is-layout-flow\">\n<p class=\"has-drop-cap has-large-font-size\">IJeder Deutsche wirft im Schnitt <strong><span class=\"has-inline-color has-accent-color\">20 Kilo<\/span> <\/strong>Elektroschrott pro Jahr weg.<\/p>\n<\/div>\n\n\n\n<div class=\"wp-block-column is-layout-flow wp-block-column-is-layout-flow\">\n<p class=\"has-drop-cap has-large-font-size\">IGemeinsam haben wir bereits mehrere <strong><span class=\"has-inline-color has-accent-color\">Tausend<\/span> <\/strong>Gegenst\u00e4nde aller Art repariert.<\/p>\n<\/div>\n<\/div>\n\n\n\n<div class=\"wp-block-columns alignfull is-layout-flex wp-container-core-columns-is-layout-9d6595d7 wp-block-columns-is-layout-flex\">\n<div class=\"wp-block-column is-layout-flow wp-block-column-is-layout-flow\">\n<p class=\"has-drop-cap has-large-font-size\">I<strong><mark style=\"background-color:rgba(0, 0, 0, 0)\" class=\"has-inline-color has-accent-color\">2013<\/mark> <\/strong>wurde das Repair Caf\u00e9 Mainz in Tr\u00e4gerschaft des evangelischen Dekanat Mainz gegr\u00fcndet. Seit 2022 sind wir als selbstst\u00e4ndiger und eingetragener Verein registriert.<\/p>\n<\/div>\n\n\n\n<div class=\"wp-block-column is-layout-flow wp-block-column-is-layout-flow\">\n<p class=\"has-drop-cap has-large-font-size\">IFast <strong><span class=\"has-inline-color has-accent-color\">50 <\/span><\/strong>Ehrenamtliche aller Altersstufen engagieren sich bereits in unserem Team. Wir freuen uns \u00fcber weitere Verst\u00e4rkung!<\/p>\n<\/div>\n<\/div>\n\n\n\n<h4 class=\"wp-block-heading alignfull has-primary-color has-subtle-background-background-color has-text-color has-background\">Unsere Motivation<\/h4>\n\n\n\n<div class=\"wp-block-columns alignfull is-layout-flex wp-container-core-columns-is-layout-9d6595d7 wp-block-columns-is-layout-flex\">\n<div class=\"wp-block-column is-layout-flow wp-block-column-is-layout-flow\">\n<p class=\"has-large-font-size\">Im Repair Caf\u00e9 lernen Menschen, Gegenst\u00e4nde auf andere Weise wahrzunehmen und sie ganz neu wertzusch\u00e4tzen. Das Repair Caf\u00e9 m\u00f6chte zu einer Mentalit\u00e4tsver\u00e4nderung in Hinblick auf unser aller Konsumverhalten beitragen.<\/p>\n\n\n\n<p class=\"has-large-font-size\">Es macht viel <span class=\"has-inline-color has-primary-color\">Spa\u00df<\/span><span class=\"has-inline-color has-accent-color\"> <\/span>und ist gar nicht so schwierig, etwas zu erhalten, statt es einfach gleich dem M\u00fcll freizugeben, und obendrein kann der Austausch im Repair Caf\u00e9 ein guter Weg sein, nette und interessante Menschen kennenzulernen, mit denen man sonst vielleicht gar nicht ins Gespr\u00e4ch kommen w\u00fcrde.<\/p>\n\n\n\n<p class=\"has-large-font-size\">Darum laden wir alle, ob Alt oder Jung, mit oder ohne perfekte Deutschkenntnisse, ob Expertin oder Laie im Erhalt von Dingen, zu unseren Treffen ein. Nur notorische Miesmacher*innen, Rassist*innen, Krawallis haben bei uns keinen Platz \u2013 denn f\u00fcr uns geht es nicht zuletzt um einen Ort, an dem sich Menschen welchen Alters, welcher Herkunft, welcher Kompetenz, welcher (religi\u00f6sen) \u00dcberzeugung auch immer, mit Respekt voreinander auf Augenh\u00f6he begegnen und Freude daran haben, ihr Wissen zu erweitern, Kontakte zu schlie\u00dfen und diese Welt ein klein wenig menschenfreundlicher zu gestalten.<\/p>\n\n\n\n<p class=\"has-large-font-size\">Das Repair Caf\u00e9 Mainz legt gr\u00f6\u00dften Wert darauf, keine Konkurrenz zu bilden zu Reparatur-Profis. Es soll vielmehr ganz im Gegenteil das Interesse am Reparieren wieder geweckt werden und der Respekt vor handwerklichem Geschick, Wissen und K\u00f6nnen erh\u00f6ht werden. Wenn wir es schaffen, auch dazu beizutragen, dass (fast) versch\u00fcttetes Wissen wiederentdeckt wird und gegenw\u00e4rtig aussterbende Handwerksberufe neue Wertsch\u00e4tzung erfahren, freuen wir uns ganz besonders! In diesem Sinne: Einfach mal kommen oder per Mail Kontakt aufnehmen!!!<\/p>\n<\/div>\n<\/div>\n\n\n\n<div class=\"wp-block-columns is-layout-flex wp-container-core-columns-is-layout-9d6595d7 wp-block-columns-is-layout-flex\"><\/div>\n\n\n\n<p class=\"has-text-align-center has-drop-cap has-large-font-size\"><\/p>\n\n\n\n<figure class=\"wp-block-image\"><img decoding=\"async\" src=\"http:\/\/repaircafemainz.de\/media\/images\/_MG_9807_1-(2)-02.jpg\" alt=\"\" title=\"\"\/><\/figure>\n\n\n\n<div class=\"wp-block-group\"><div class=\"wp-block-group__inner-container is-layout-flow wp-block-group-is-layout-flow\"><\/div><\/div>\n","protected":false},"excerpt":{"rendered":"<p>\u00dcber uns Das Repair Caf\u00e9 Mainz ist eine Initiative, die sich f\u00fcr mehr Nachhaltigkeit, Ressourcenschonung, ein besseres soziales Miteinander und nicht zuletzt auch ein Voneinander-Lernen stark macht! Konkret passiert dies dadurch, dass wir auf ehrenamtlicher Basis Gegenst\u00e4nde aller Art reparieren, um sie vor dem M\u00fcll zu bewahren und so auch einen Neukauf zu vermeiden. Und das Beste daran ist: Jede und jeder kann mitmachen! Wir bestehen seit 2013 und sind damit das \u00e4lteste Repair Caf\u00e9 in Rheinland-Pfalz. Soweit wir wissen, sind wir heute auch eine der gr\u00f6\u00dften Initiativen dieser Art in unserem sch\u00f6nen Bundesland. Grunds\u00e4tzlich basiert unsere Arbeit auf drei S\u00e4ulen: Wir m\u00f6chten&nbsp;einen Beitrag zum Umweltschutz leisten und das Bewusstsein in der Gesellschaft f\u00fcr einen achtsamen Umgang mit Ressourcen sch\u00e4rfen Wir teilen gerne unser Wissen, versuchen L\u00f6sungen aufzuzeigen und bringen unsere geb\u00fcndelten F\u00e4higkeiten ein.&nbsp; Das Repair Caf\u00e9 Mainz ist ein Ort der Begegnung. Mit unserem Engagement m\u00f6chten wir das soziale Miteinander in unserer Stadt f\u00f6rdern. &nbsp; Unser Verein Seit 2021 sind wir als gemeinn\u00fctziger Verein organisiert. Der Vereinsvorstand setzt sich zusammen aus Fabian Garbe (1. Vorsitzender), Gisela Apitzsch (2. Vorsitzende), Carsten Kroll (Schatzmeister), Norbert Vogler (Schriftf\u00fchrer) und Reinhard Wenselowski (Beisitzer). Hier findet sich unsere Vereinssatzung. Kooperationen Lokal bei uns in Mainz kooperieren wir aktuell mit dem ZMO Mainz, in deren R\u00e4umlichkeiten wir einmal im Quartal einen gesonderten Reparaturtermin anbieten. Auf Landesebene sind wir im Runden Tisch Reparatur vertreten, der gemeinsam vom Ministerium f\u00fcr Klimaschutz, Umwelt, Energie und Mobilit\u00e4t (MKUEM) sowie dem Ministerium f\u00fcr Familie, Frauen, Kultur und Integration (MFFKI) ausgerichtet wird. Auf Bundesebene arbeiten wir mit der anstiftung als Dachverband f\u00fcr &#8222;R\u00e4ume und Netzwerke des Selbermachens&#8220; zusammen. Zusammenarbeit mit anderen Repair Caf\u00e9s Wir beim Repair Caf\u00e9 Mainz sind leidenschaftliche Verfechter der Idee der Repair Caf\u00e9s und freuen uns \u00fcber jede Initiative, die diese Idee weitertr\u00e4gt. Wir sind sehr gerne bereit, unsere Erfahrungen zu teilen und damit insbesondere bei der Gr\u00fcndung neuer Repair Caf\u00e9s zu unterst\u00fctzen. Denn je mehr Orte es gibt, an denen repariert wird, desto besser f\u00fcr unsere Umwelt und unsere Gemeinschaft. Gleichzeitig haben wir aus Erfahrung gelernt, dass eine Zersplitterung von Reparaturinitiativen innerhalb eines Ortes kontraproduktiv sein kann. In einer unserer Nachbarst\u00e4dte haben wir beobachtet, dass zu viele kleine Initiativen weder der Hauptaufgabe \u2013 dem Reparieren \u2013 dienlich sind, noch den Teamgeist f\u00f6rdern. Konkurrenzsituationen f\u00fchren oft zu Frustration und \u00c4rger unter den Mitgliedern und erschweren es gleichzeitig den Besuchern, eine verl\u00e4ssliche Anlaufstelle f\u00fcr ihre Reparaturen zu finden. Mit anderen Worten: Wer sich in Mainz f\u00fcr das Thema Reparieren interessiert, ist herzlich eingeladen bei uns mitzumachen (und alle anderen auch!). Nur so k\u00f6nnen wir gemeinsam eine nachhaltige und positive Wirkung erzielen. Zahlen und Fakten IIn Deutschland fallen j\u00e4hrlich rund 1,8 Mio Tonnen Elektroschott an, wobei die H\u00e4lfte illegal entsorgt oder exportiert wird. IDurch Reparaturen kann die Lebensdauer von Ger\u00e4ten verdoppelt werden. IJeder Deutsche wirft im Schnitt 20 Kilo Elektroschrott pro Jahr weg. IGemeinsam haben wir bereits mehrere Tausend Gegenst\u00e4nde aller Art repariert. I2013 wurde das Repair Caf\u00e9 Mainz in Tr\u00e4gerschaft des evangelischen Dekanat Mainz gegr\u00fcndet. Seit 2022 sind wir als selbstst\u00e4ndiger und eingetragener Verein registriert. IFast 50 Ehrenamtliche aller Altersstufen engagieren sich bereits in unserem Team. Wir freuen uns \u00fcber weitere Verst\u00e4rkung! Unsere Motivation Im Repair Caf\u00e9 lernen Menschen, Gegenst\u00e4nde auf andere Weise wahrzunehmen und sie ganz neu wertzusch\u00e4tzen. Das Repair Caf\u00e9 m\u00f6chte zu einer Mentalit\u00e4tsver\u00e4nderung in Hinblick auf unser aller Konsumverhalten beitragen. Es macht viel Spa\u00df und ist gar nicht so schwierig, etwas zu erhalten, statt es einfach gleich dem M\u00fcll freizugeben, und obendrein kann der Austausch im Repair Caf\u00e9 ein guter Weg sein, nette und interessante Menschen kennenzulernen, mit denen man sonst vielleicht gar nicht ins Gespr\u00e4ch kommen w\u00fcrde. Darum laden wir alle, ob Alt oder Jung, mit oder ohne perfekte Deutschkenntnisse, ob Expertin oder Laie im Erhalt von Dingen, zu unseren Treffen ein. Nur notorische Miesmacher*innen, Rassist*innen, Krawallis haben bei uns keinen Platz \u2013 denn f\u00fcr uns geht es nicht zuletzt um einen Ort, an dem sich Menschen welchen Alters, welcher Herkunft, welcher Kompetenz, welcher (religi\u00f6sen) \u00dcberzeugung auch immer, mit Respekt voreinander auf Augenh\u00f6he begegnen und Freude daran haben, ihr Wissen zu erweitern, Kontakte zu schlie\u00dfen und diese Welt ein klein wenig menschenfreundlicher zu gestalten. Das Repair Caf\u00e9 Mainz legt gr\u00f6\u00dften Wert darauf, keine Konkurrenz zu bilden zu Reparatur-Profis. Es soll vielmehr ganz im Gegenteil das Interesse am Reparieren wieder geweckt werden und der Respekt vor handwerklichem Geschick, Wissen und K\u00f6nnen erh\u00f6ht werden. Wenn wir es schaffen, auch dazu beizutragen, dass (fast) versch\u00fcttetes Wissen wiederentdeckt wird und gegenw\u00e4rtig aussterbende Handwerksberufe neue Wertsch\u00e4tzung erfahren, freuen wir uns ganz besonders! In diesem Sinne: Einfach mal kommen oder per Mail Kontakt aufnehmen!!!<\/p>\n","protected":false},"author":1,"featured_media":0,"parent":0,"menu_order":0,"comment_status":"closed","ping_status":"closed","template":"templates\/template-full-width.php","meta":{"footnotes":""},"class_list":["post-42","page","type-page","status-publish","hentry"],"_links":{"self":[{"href":"https:\/\/repaircafemainz.org\/index.php?rest_route=\/wp\/v2\/pages\/42","targetHints":{"allow":["GET"]}}],"collection":[{"href":"https:\/\/repaircafemainz.org\/index.php?rest_route=\/wp\/v2\/pages"}],"about":[{"href":"https:\/\/repaircafemainz.org\/index.php?rest_route=\/wp\/v2\/types\/page"}],"author":[{"embeddable":true,"href":"https:\/\/repaircafemainz.org\/index.php?rest_route=\/wp\/v2\/users\/1"}],"replies":[{"embeddable":true,"href":"https:\/\/repaircafemainz.org\/index.php?rest_route=%2Fwp%2Fv2%2Fcomments&post=42"}],"version-history":[{"count":26,"href":"https:\/\/repaircafemainz.org\/index.php?rest_route=\/wp\/v2\/pages\/42\/revisions"}],"predecessor-version":[{"id":1040,"href":"https:\/\/repaircafemainz.org\/index.php?rest_route=\/wp\/v2\/pages\/42\/revisions\/1040"}],"wp:attachment":[{"href":"https:\/\/repaircafemainz.org\/index.php?rest_route=%2Fwp%2Fv2%2Fmedia&parent=42"}],"curies":[{"name":"wp","href":"https:\/\/api.w.org\/{rel}","templated":true}]}}